{"id":1408,"date":"2021-03-03T15:59:46","date_gmt":"2021-03-03T14:59:46","guid":{"rendered":"http:\/\/www.plattnerpatrickbau.it\/?post_type=referenz&#038;p=1408"},"modified":"2021-03-04T17:27:28","modified_gmt":"2021-03-04T16:27:28","slug":"ofnerhof-reischach","status":"publish","type":"referenz","link":"https:\/\/plattnerpatrickbau.it\/it\/referenz\/ofnerhof-reischach\/","title":{"rendered":"Ofnerhof &#8211; Reischach"},"content":{"rendered":"<p>Komplettsanierung des Hofes<\/p>\n<div id='gallery-1' class='gallery galleryid-1408 gallery-columns-3 gallery-size-thumbnail'><figure class='gallery-item'>\n\t\t\t<div class='gallery-icon landscape'>\n\t\t\t\t<a href='https:\/\/plattnerpatrickbau.it\/it\/referenz\/ofnerhof-reischach\/c-hannes-niederkofler_web-2564\/'><img decoding=\"async\" width=\"150\" height=\"150\" src=\"https:\/\/plattnerpatrickbau.it\/wp-content\/uploads\/2021\/03\/C-Hannes-Niederkofler_WEB-2564-150x150.jpg\" class=\"attachment-thumbnail size-thumbnail\" alt=\"\" \/><\/a>\n\t\t\t<\/div><\/figure><figure class='gallery-item'>\n\t\t\t<div class='gallery-icon landscape'>\n\t\t\t\t<a href='https:\/\/plattnerpatrickbau.it\/it\/referenz\/ofnerhof-reischach\/c-hannes-niederkofler_web-2578\/'><img decoding=\"async\" width=\"150\" height=\"150\" src=\"https:\/\/plattnerpatrickbau.it\/wp-content\/uploads\/2021\/03\/C-Hannes-Niederkofler_WEB-2578-150x150.jpg\" class=\"attachment-thumbnail size-thumbnail\" alt=\"\" \/><\/a>\n\t\t\t<\/div><\/figure><figure class='gallery-item'>\n\t\t\t<div class='gallery-icon landscape'>\n\t\t\t\t<a href='https:\/\/plattnerpatrickbau.it\/it\/referenz\/ofnerhof-reischach\/c-hannes-niederkofler_web-3199\/'><img decoding=\"async\" width=\"150\" height=\"150\" src=\"https:\/\/plattnerpatrickbau.it\/wp-content\/uploads\/2021\/03\/C-Hannes-Niederkofler_WEB-3199-150x150.jpg\" class=\"attachment-thumbnail size-thumbnail\" alt=\"\" \/><\/a>\n\t\t\t<\/div><\/figure><figure class='gallery-item'>\n\t\t\t<div class='gallery-icon landscape'>\n\t\t\t\t<a href='https:\/\/plattnerpatrickbau.it\/it\/referenz\/ofnerhof-reischach\/c-hannes-niederkofler_web-3207\/'><img loading=\"lazy\" decoding=\"async\" width=\"150\" height=\"150\" src=\"https:\/\/plattnerpatrickbau.it\/wp-content\/uploads\/2021\/03\/C-Hannes-Niederkofler_WEB-3207-150x150.jpg\" class=\"attachment-thumbnail size-thumbnail\" alt=\"\" \/><\/a>\n\t\t\t<\/div><\/figure><figure class='gallery-item'>\n\t\t\t<div class='gallery-icon portrait'>\n\t\t\t\t<a href='https:\/\/plattnerpatrickbau.it\/it\/referenz\/ofnerhof-reischach\/c-hannes-niederkofler_web-3351\/'><img loading=\"lazy\" decoding=\"async\" width=\"150\" height=\"150\" src=\"https:\/\/plattnerpatrickbau.it\/wp-content\/uploads\/2021\/03\/C-Hannes-Niederkofler_WEB-3351-150x150.jpg\" class=\"attachment-thumbnail size-thumbnail\" alt=\"\" \/><\/a>\n\t\t\t<\/div><\/figure><figure class='gallery-item'>\n\t\t\t<div class='gallery-icon landscape'>\n\t\t\t\t<a href='https:\/\/plattnerpatrickbau.it\/it\/referenz\/ofnerhof-reischach\/c-hannes-niederkofler_web-3362\/'><img loading=\"lazy\" decoding=\"async\" width=\"150\" height=\"150\" src=\"https:\/\/plattnerpatrickbau.it\/wp-content\/uploads\/2021\/03\/C-Hannes-Niederkofler_WEB-3362-150x150.jpg\" class=\"attachment-thumbnail size-thumbnail\" alt=\"\" \/><\/a>\n\t\t\t<\/div><\/figure><figure class='gallery-item'>\n\t\t\t<div class='gallery-icon landscape'>\n\t\t\t\t<a href='https:\/\/plattnerpatrickbau.it\/it\/referenz\/ofnerhof-reischach\/c-hannes-niederkofler_web-3423\/'><img loading=\"lazy\" decoding=\"async\" width=\"150\" height=\"150\" src=\"https:\/\/plattnerpatrickbau.it\/wp-content\/uploads\/2021\/03\/C-Hannes-Niederkofler_WEB-3423-150x150.jpg\" class=\"attachment-thumbnail size-thumbnail\" alt=\"\" \/><\/a>\n\t\t\t<\/div><\/figure><figure class='gallery-item'>\n\t\t\t<div class='gallery-icon landscape'>\n\t\t\t\t<a href='https:\/\/plattnerpatrickbau.it\/it\/referenz\/ofnerhof-reischach\/c-hannes-niederkofler_web-3436\/'><img loading=\"lazy\" decoding=\"async\" width=\"150\" height=\"150\" src=\"https:\/\/plattnerpatrickbau.it\/wp-content\/uploads\/2021\/03\/C-Hannes-Niederkofler_WEB-3436-150x150.jpg\" class=\"attachment-thumbnail size-thumbnail\" alt=\"\" \/><\/a>\n\t\t\t<\/div><\/figure><figure class='gallery-item'>\n\t\t\t<div class='gallery-icon landscape'>\n\t\t\t\t<a href='https:\/\/plattnerpatrickbau.it\/it\/referenz\/ofnerhof-reischach\/c-hannes-niederkofler_web-3508\/'><img loading=\"lazy\" decoding=\"async\" width=\"150\" height=\"150\" src=\"https:\/\/plattnerpatrickbau.it\/wp-content\/uploads\/2021\/03\/C-Hannes-Niederkofler_WEB-3508-150x150.jpg\" class=\"attachment-thumbnail size-thumbnail\" alt=\"\" \/><\/a>\n\t\t\t<\/div><\/figure><figure class='gallery-item'>\n\t\t\t<div class='gallery-icon landscape'>\n\t\t\t\t<a href='https:\/\/plattnerpatrickbau.it\/it\/referenz\/ofnerhof-reischach\/c-hannes-niederkofler_web-3567\/'><img loading=\"lazy\" decoding=\"async\" width=\"150\" height=\"150\" src=\"https:\/\/plattnerpatrickbau.it\/wp-content\/uploads\/2021\/03\/C-Hannes-Niederkofler_WEB-3567-150x150.jpg\" class=\"attachment-thumbnail size-thumbnail\" alt=\"\" \/><\/a>\n\t\t\t<\/div><\/figure><figure class='gallery-item'>\n\t\t\t<div class='gallery-icon portrait'>\n\t\t\t\t<a href='https:\/\/plattnerpatrickbau.it\/it\/referenz\/ofnerhof-reischach\/c-hannes-niederkofler_web-3592\/'><img loading=\"lazy\" decoding=\"async\" width=\"150\" height=\"150\" src=\"https:\/\/plattnerpatrickbau.it\/wp-content\/uploads\/2021\/03\/C-Hannes-Niederkofler_WEB-3592-150x150.jpg\" class=\"attachment-thumbnail size-thumbnail\" alt=\"\" \/><\/a>\n\t\t\t<\/div><\/figure><figure class='gallery-item'>\n\t\t\t<div class='gallery-icon portrait'>\n\t\t\t\t<a href='https:\/\/plattnerpatrickbau.it\/it\/referenz\/ofnerhof-reischach\/c-hannes-niederkofler_web-3619\/'><img loading=\"lazy\" decoding=\"async\" width=\"150\" height=\"150\" src=\"https:\/\/plattnerpatrickbau.it\/wp-content\/uploads\/2021\/03\/C-Hannes-Niederkofler_WEB-3619-150x150.jpg\" class=\"attachment-thumbnail size-thumbnail\" alt=\"\" \/><\/a>\n\t\t\t<\/div><\/figure><figure class='gallery-item'>\n\t\t\t<div class='gallery-icon portrait'>\n\t\t\t\t<a href='https:\/\/plattnerpatrickbau.it\/it\/referenz\/ofnerhof-reischach\/c-hannes-niederkofler_web-3637\/'><img loading=\"lazy\" decoding=\"async\" width=\"150\" height=\"150\" src=\"https:\/\/plattnerpatrickbau.it\/wp-content\/uploads\/2021\/03\/C-Hannes-Niederkofler_WEB-3637-150x150.jpg\" class=\"attachment-thumbnail size-thumbnail\" alt=\"\" \/><\/a>\n\t\t\t<\/div><\/figure><figure class='gallery-item'>\n\t\t\t<div class='gallery-icon landscape'>\n\t\t\t\t<a href='https:\/\/plattnerpatrickbau.it\/it\/referenz\/ofnerhof-reischach\/c-hannes-niederkofler_web-2390\/'><img loading=\"lazy\" decoding=\"async\" width=\"150\" height=\"150\" src=\"https:\/\/plattnerpatrickbau.it\/wp-content\/uploads\/2021\/03\/C-Hannes-Niederkofler_WEB-2390-150x150.jpg\" class=\"attachment-thumbnail size-thumbnail\" alt=\"\" \/><\/a>\n\t\t\t<\/div><\/figure><figure class='gallery-item'>\n\t\t\t<div class='gallery-icon landscape'>\n\t\t\t\t<a href='https:\/\/plattnerpatrickbau.it\/it\/referenz\/ofnerhof-reischach\/c-hannes-niederkofler_web-2408\/'><img loading=\"lazy\" decoding=\"async\" width=\"150\" height=\"150\" src=\"https:\/\/plattnerpatrickbau.it\/wp-content\/uploads\/2021\/03\/C-Hannes-Niederkofler_WEB-2408-150x150.jpg\" class=\"attachment-thumbnail size-thumbnail\" alt=\"\" \/><\/a>\n\t\t\t<\/div><\/figure><figure class='gallery-item'>\n\t\t\t<div class='gallery-icon landscape'>\n\t\t\t\t<a href='https:\/\/plattnerpatrickbau.it\/it\/referenz\/ofnerhof-reischach\/c-hannes-niederkofler_web-2475\/'><img loading=\"lazy\" decoding=\"async\" width=\"150\" height=\"150\" src=\"https:\/\/plattnerpatrickbau.it\/wp-content\/uploads\/2021\/03\/C-Hannes-Niederkofler_WEB-2475-150x150.jpg\" class=\"attachment-thumbnail size-thumbnail\" alt=\"\" \/><\/a>\n\t\t\t<\/div><\/figure><figure class='gallery-item'>\n\t\t\t<div class='gallery-icon landscape'>\n\t\t\t\t<a href='https:\/\/plattnerpatrickbau.it\/it\/referenz\/ofnerhof-reischach\/c-hannes-niederkofler_web-2487\/'><img loading=\"lazy\" decoding=\"async\" width=\"150\" height=\"150\" src=\"https:\/\/plattnerpatrickbau.it\/wp-content\/uploads\/2021\/03\/C-Hannes-Niederkofler_WEB-2487-150x150.jpg\" class=\"attachment-thumbnail size-thumbnail\" alt=\"\" \/><\/a>\n\t\t\t<\/div><\/figure><figure class='gallery-item'>\n\t\t\t<div class='gallery-icon landscape'>\n\t\t\t\t<a href='https:\/\/plattnerpatrickbau.it\/it\/referenz\/ofnerhof-reischach\/c-hannes-niederkofler_web-2514\/'><img loading=\"lazy\" decoding=\"async\" width=\"150\" height=\"150\" src=\"https:\/\/plattnerpatrickbau.it\/wp-content\/uploads\/2021\/03\/C-Hannes-Niederkofler_WEB-2514-150x150.jpg\" class=\"attachment-thumbnail size-thumbnail\" alt=\"\" \/><\/a>\n\t\t\t<\/div><\/figure>\n\t\t<\/div>","protected":false},"featured_media":627,"template":"","class_list":["post-1408","referenz","type-referenz","status-publish","has-post-thumbnail","hentry"],"acf":[],"yoast_head":"<!-- This site is optimized with the Yoast SEO plugin v26.4 - https:\/\/yoast.com\/wordpress\/plugins\/seo\/ -->\n<title>Ofnerhof - Reischach - Plattner Patrick Bau<\/title>\n<meta name=\"robots\" content=\"index, follow, max-snippet:-1, max-image-preview:large, max-video-preview:-1\" \/>\n<link rel=\"canonical\" href=\"https:\/\/plattnerpatrickbau.it\/it\/referenz\/ofnerhof-reischach\/\" \/>\n<meta property=\"og:locale\" content=\"it_IT\" \/>\n<meta property=\"og:type\" content=\"article\" \/>\n<meta property=\"og:title\" content=\"Ofnerhof - Reischach - Plattner Patrick Bau\" \/>\n<meta property=\"og:description\" content=\"Komplettsanierung des Hofes\" \/>\n<meta property=\"og:url\" content=\"https:\/\/plattnerpatrickbau.it\/it\/referenz\/ofnerhof-reischach\/\" \/>\n<meta property=\"og:site_name\" content=\"Plattner Patrick Bau\" \/>\n<meta property=\"article:modified_time\" content=\"2021-03-04T16:27:28+00:00\" \/>\n<meta property=\"og:image\" content=\"https:\/\/plattnerpatrickbau.it\/wp-content\/uploads\/2020\/07\/Plattner-Patrick-Bau_\u00f6kologisch-bauen-S\u00fcdtirol_costruire-ecologico-Alto-Adige_Ofner-Hof_1.jpg\" \/>\n\t<meta property=\"og:image:width\" content=\"1024\" \/>\n\t<meta property=\"og:image:height\" content=\"640\" \/>\n\t<meta property=\"og:image:type\" content=\"image\/jpeg\" \/>\n<meta name=\"twitter:card\" content=\"summary_large_image\" \/>\n<meta name=\"twitter:label1\" content=\"Est. reading time\" \/>\n\t<meta name=\"twitter:data1\" content=\"1 minute\" \/>\n<script type=\"application\/ld+json\" class=\"yoast-schema-graph\">{\"@context\":\"https:\/\/schema.org\",\"@graph\":[{\"@type\":\"WebPage\",\"@id\":\"https:\/\/plattnerpatrickbau.it\/referenz\/ofnerhof-reischach\/\",\"url\":\"https:\/\/plattnerpatrickbau.it\/referenz\/ofnerhof-reischach\/\",\"name\":\"Ofnerhof - Reischach - Plattner Patrick Bau\",\"isPartOf\":{\"@id\":\"https:\/\/plattnerpatrickbau.it\/it\/#website\"},\"primaryImageOfPage\":{\"@id\":\"https:\/\/plattnerpatrickbau.it\/referenz\/ofnerhof-reischach\/#primaryimage\"},\"image\":{\"@id\":\"https:\/\/plattnerpatrickbau.it\/referenz\/ofnerhof-reischach\/#primaryimage\"},\"thumbnailUrl\":\"https:\/\/plattnerpatrickbau.it\/wp-content\/uploads\/2020\/07\/Plattner-Patrick-Bau_\u00f6kologisch-bauen-S\u00fcdtirol_costruire-ecologico-Alto-Adige_Ofner-Hof_1.jpg\",\"datePublished\":\"2021-03-03T14:59:46+00:00\",\"dateModified\":\"2021-03-04T16:27:28+00:00\",\"breadcrumb\":{\"@id\":\"https:\/\/plattnerpatrickbau.it\/referenz\/ofnerhof-reischach\/#breadcrumb\"},\"inLanguage\":\"it-IT\",\"potentialAction\":[{\"@type\":\"ReadAction\",\"target\":[\"https:\/\/plattnerpatrickbau.it\/referenz\/ofnerhof-reischach\/\"]}]},{\"@type\":\"ImageObject\",\"inLanguage\":\"it-IT\",\"@id\":\"https:\/\/plattnerpatrickbau.it\/referenz\/ofnerhof-reischach\/#primaryimage\",\"url\":\"https:\/\/plattnerpatrickbau.it\/wp-content\/uploads\/2020\/07\/Plattner-Patrick-Bau_\u00f6kologisch-bauen-S\u00fcdtirol_costruire-ecologico-Alto-Adige_Ofner-Hof_1.jpg\",\"contentUrl\":\"https:\/\/plattnerpatrickbau.it\/wp-content\/uploads\/2020\/07\/Plattner-Patrick-Bau_\u00f6kologisch-bauen-S\u00fcdtirol_costruire-ecologico-Alto-Adige_Ofner-Hof_1.jpg\",\"width\":1024,\"height\":640,\"caption\":\"Plattner-Patrick-Bau_\u00f6kologisch-bauen-S\u00fcdtirol_costruire-ecologico-Alto-Adige_Ofner-Hof_1\"},{\"@type\":\"BreadcrumbList\",\"@id\":\"https:\/\/plattnerpatrickbau.it\/referenz\/ofnerhof-reischach\/#breadcrumb\",\"itemListElement\":[{\"@type\":\"ListItem\",\"position\":1,\"name\":\"Startseite\",\"item\":\"https:\/\/plattnerpatrickbau.it\/\"},{\"@type\":\"ListItem\",\"position\":2,\"name\":\"Ofnerhof &#8211; Reischach\"}]},{\"@type\":\"WebSite\",\"@id\":\"https:\/\/plattnerpatrickbau.it\/it\/#website\",\"url\":\"https:\/\/plattnerpatrickbau.it\/it\/\",\"name\":\"Plattner Patrick Bau\",\"description\":\"Seit 2016 leite ich schl\u00fcsselfertige Hausprojekte, organisiere Handwerker und sorge f\u00fcr durchdachte Planung. Mein Know-how hilft Bauherren, Architekten und Selbstbauern bei Materialauswahl und Kostenanalyse.\",\"publisher\":{\"@id\":\"https:\/\/plattnerpatrickbau.it\/it\/#organization\"},\"potentialAction\":[{\"@type\":\"SearchAction\",\"target\":{\"@type\":\"EntryPoint\",\"urlTemplate\":\"https:\/\/plattnerpatrickbau.it\/it\/?s={search_term_string}\"},\"query-input\":{\"@type\":\"PropertyValueSpecification\",\"valueRequired\":true,\"valueName\":\"search_term_string\"}}],\"inLanguage\":\"it-IT\"},{\"@type\":\"Organization\",\"@id\":\"https:\/\/plattnerpatrickbau.it\/it\/#organization\",\"name\":\"Plattner Patrick Bau\",\"url\":\"https:\/\/plattnerpatrickbau.it\/it\/\",\"logo\":{\"@type\":\"ImageObject\",\"inLanguage\":\"it-IT\",\"@id\":\"https:\/\/plattnerpatrickbau.it\/it\/#\/schema\/logo\/image\/\",\"url\":\"https:\/\/plattnerpatrickbau.it\/wp-content\/uploads\/2019\/02\/Logo_PlattnerPatrickBau-bw.png\",\"contentUrl\":\"https:\/\/plattnerpatrickbau.it\/wp-content\/uploads\/2019\/02\/Logo_PlattnerPatrickBau-bw.png\",\"width\":2425,\"height\":687,\"caption\":\"Plattner Patrick Bau\"},\"image\":{\"@id\":\"https:\/\/plattnerpatrickbau.it\/it\/#\/schema\/logo\/image\/\"}}]}<\/script>\n<!-- \/ Yoast SEO plugin. -->","yoast_head_json":{"title":"Ofnerhof - Reischach - Plattner Patrick Bau","robots":{"index":"index","follow":"follow","max-snippet":"max-snippet:-1","max-image-preview":"max-image-preview:large","max-video-preview":"max-video-preview:-1"},"canonical":"https:\/\/plattnerpatrickbau.it\/it\/referenz\/ofnerhof-reischach\/","og_locale":"it_IT","og_type":"article","og_title":"Ofnerhof - Reischach - Plattner Patrick Bau","og_description":"Komplettsanierung des Hofes","og_url":"https:\/\/plattnerpatrickbau.it\/it\/referenz\/ofnerhof-reischach\/","og_site_name":"Plattner Patrick Bau","article_modified_time":"2021-03-04T16:27:28+00:00","og_image":[{"width":1024,"height":640,"url":"https:\/\/plattnerpatrickbau.it\/wp-content\/uploads\/2020\/07\/Plattner-Patrick-Bau_\u00f6kologisch-bauen-S\u00fcdtirol_costruire-ecologico-Alto-Adige_Ofner-Hof_1.jpg","type":"image\/jpeg"}],"twitter_card":"summary_large_image","twitter_misc":{"Est. reading time":"1 minute"},"schema":{"@context":"https:\/\/schema.org","@graph":[{"@type":"WebPage","@id":"https:\/\/plattnerpatrickbau.it\/referenz\/ofnerhof-reischach\/","url":"https:\/\/plattnerpatrickbau.it\/referenz\/ofnerhof-reischach\/","name":"Ofnerhof - Reischach - Plattner Patrick Bau","isPartOf":{"@id":"https:\/\/plattnerpatrickbau.it\/it\/#website"},"primaryImageOfPage":{"@id":"https:\/\/plattnerpatrickbau.it\/referenz\/ofnerhof-reischach\/#primaryimage"},"image":{"@id":"https:\/\/plattnerpatrickbau.it\/referenz\/ofnerhof-reischach\/#primaryimage"},"thumbnailUrl":"https:\/\/plattnerpatrickbau.it\/wp-content\/uploads\/2020\/07\/Plattner-Patrick-Bau_\u00f6kologisch-bauen-S\u00fcdtirol_costruire-ecologico-Alto-Adige_Ofner-Hof_1.jpg","datePublished":"2021-03-03T14:59:46+00:00","dateModified":"2021-03-04T16:27:28+00:00","breadcrumb":{"@id":"https:\/\/plattnerpatrickbau.it\/referenz\/ofnerhof-reischach\/#breadcrumb"},"inLanguage":"it-IT","potentialAction":[{"@type":"ReadAction","target":["https:\/\/plattnerpatrickbau.it\/referenz\/ofnerhof-reischach\/"]}]},{"@type":"ImageObject","inLanguage":"it-IT","@id":"https:\/\/plattnerpatrickbau.it\/referenz\/ofnerhof-reischach\/#primaryimage","url":"https:\/\/plattnerpatrickbau.it\/wp-content\/uploads\/2020\/07\/Plattner-Patrick-Bau_\u00f6kologisch-bauen-S\u00fcdtirol_costruire-ecologico-Alto-Adige_Ofner-Hof_1.jpg","contentUrl":"https:\/\/plattnerpatrickbau.it\/wp-content\/uploads\/2020\/07\/Plattner-Patrick-Bau_\u00f6kologisch-bauen-S\u00fcdtirol_costruire-ecologico-Alto-Adige_Ofner-Hof_1.jpg","width":1024,"height":640,"caption":"Plattner-Patrick-Bau_\u00f6kologisch-bauen-S\u00fcdtirol_costruire-ecologico-Alto-Adige_Ofner-Hof_1"},{"@type":"BreadcrumbList","@id":"https:\/\/plattnerpatrickbau.it\/referenz\/ofnerhof-reischach\/#breadcrumb","itemListElement":[{"@type":"ListItem","position":1,"name":"Startseite","item":"https:\/\/plattnerpatrickbau.it\/"},{"@type":"ListItem","position":2,"name":"Ofnerhof &#8211; Reischach"}]},{"@type":"WebSite","@id":"https:\/\/plattnerpatrickbau.it\/it\/#website","url":"https:\/\/plattnerpatrickbau.it\/it\/","name":"Plattner Patrick Bau","description":"Seit 2016 leite ich schl\u00fcsselfertige Hausprojekte, organisiere Handwerker und sorge f\u00fcr durchdachte Planung. Mein Know-how hilft Bauherren, Architekten und Selbstbauern bei Materialauswahl und Kostenanalyse.","publisher":{"@id":"https:\/\/plattnerpatrickbau.it\/it\/#organization"},"potentialAction":[{"@type":"SearchAction","target":{"@type":"EntryPoint","urlTemplate":"https:\/\/plattnerpatrickbau.it\/it\/?s={search_term_string}"},"query-input":{"@type":"PropertyValueSpecification","valueRequired":true,"valueName":"search_term_string"}}],"inLanguage":"it-IT"},{"@type":"Organization","@id":"https:\/\/plattnerpatrickbau.it\/it\/#organization","name":"Plattner Patrick Bau","url":"https:\/\/plattnerpatrickbau.it\/it\/","logo":{"@type":"ImageObject","inLanguage":"it-IT","@id":"https:\/\/plattnerpatrickbau.it\/it\/#\/schema\/logo\/image\/","url":"https:\/\/plattnerpatrickbau.it\/wp-content\/uploads\/2019\/02\/Logo_PlattnerPatrickBau-bw.png","contentUrl":"https:\/\/plattnerpatrickbau.it\/wp-content\/uploads\/2019\/02\/Logo_PlattnerPatrickBau-bw.png","width":2425,"height":687,"caption":"Plattner Patrick Bau"},"image":{"@id":"https:\/\/plattnerpatrickbau.it\/it\/#\/schema\/logo\/image\/"}}]}},"_links":{"self":[{"href":"https:\/\/plattnerpatrickbau.it\/it\/wp-json\/wp\/v2\/referenz\/1408","targetHints":{"allow":["GET"]}}],"collection":[{"href":"https:\/\/plattnerpatrickbau.it\/it\/wp-json\/wp\/v2\/referenz"}],"about":[{"href":"https:\/\/plattnerpatrickbau.it\/it\/wp-json\/wp\/v2\/types\/referenz"}],"wp:featuredmedia":[{"embeddable":true,"href":"https:\/\/plattnerpatrickbau.it\/it\/wp-json\/wp\/v2\/media\/627"}],"wp:attachment":[{"href":"https:\/\/plattnerpatrickbau.it\/it\/wp-json\/wp\/v2\/media?parent=1408"}],"curies":[{"name":"wp","href":"https:\/\/api.w.org\/{rel}","templated":true}]}}